{"id":6935,"date":"2025-01-09T08:52:23","date_gmt":"2025-01-09T07:52:23","guid":{"rendered":"http:\/\/kfd-dipperz.de\/?page_id=6935"},"modified":"2025-01-09T14:53:06","modified_gmt":"2025-01-09T13:53:06","slug":"neujahrsandacht-2025","status":"publish","type":"page","link":"http:\/\/kfd-dipperz.de\/?page_id=6935","title":{"rendered":"Neujahrsandacht 2025"},"content":{"rendered":"<p>Am Sonntag, 05.01.25 fand in unserer Pfarrkirche eine Neujahrsandacht statt, welche von unserer kfd gestaltet wurde.<\/p>\n<p>Unsere Sprecherin Andrea Goldbach begr\u00fc\u00dfte zahlreiche B\u00fcrger und B\u00fcrgerinnen, die sich trotz des schlechten Wetters auf den Weg gemacht hatten .<\/p>\n<p>Die Andacht stand unter dem Thema &#8222;Von Abschieden und Aufbr\u00fcchen&#8220;.<\/p>\n<p>Eine Gruppe von Musikern umrahmte unsere Andacht.<\/p>\n<p>Pfarrer Kownacki spendete zum Abschluss den Segen und es gab&nbsp; f\u00fcr alle einen Schutzengel zum Mitnehmen und einen Sekt zum Ansto\u00dfen auf das neue Jahr 2025!<\/p>\nngg_shortcode_0_placeholder\n<p><a href=\"http:\/\/kfd-dipperz.de\/wp-content\/uploads\/2024\/12\/Plakat-Neujahrsandacht.jpg\"><img loading=\"lazy\" decoding=\"async\" class=\"aligncenter wp-image-6751\" src=\"http:\/\/kfd-dipperz.de\/wp-content\/uploads\/2024\/12\/Plakat-Neujahrsandacht-200x300.jpg\" alt=\"\" width=\"400\" height=\"600\" srcset=\"http:\/\/kfd-dipperz.de\/wp-content\/uploads\/2024\/12\/Plakat-Neujahrsandacht-200x300.jpg 200w, http:\/\/kfd-dipperz.de\/wp-content\/uploads\/2024\/12\/Plakat-Neujahrsandacht.jpg 671w\" sizes=\"auto, (max-width: 400px) 100vw, 400px\" \/><\/a><\/p>\n","protected":false},"excerpt":{"rendered":"<p>Am Sonntag, 05.01.25 fand in unserer Pfarrkirche eine Neujahrsandacht statt, welche von unserer kfd gestaltet wurde. Unsere Sprecherin Andrea Goldbach begr\u00fc\u00dfte zahlreiche B\u00fcrger und B\u00fcrgerinnen, die sich trotz des schlechten Wetters auf den Weg gemacht hatten . Die Andacht stand unter dem Thema &#8222;Von Abschieden und Aufbr\u00fcchen&#8220;. Eine Gruppe von Musikern umrahmte unsere Andacht. Pfarrer &hellip; <a href=\"http:\/\/kfd-dipperz.de\/?page_id=6935\" class=\"more-link\"><span class=\"screen-reader-text\">Neujahrsandacht 2025<\/span> weiterlesen<\/a><\/p>\n","protected":false},"author":2,"featured_media":0,"parent":0,"menu_order":0,"comment_status":"closed","ping_status":"closed","template":"","meta":{"ngg_post_thumbnail":0,"footnotes":""},"class_list":["post-6935","page","type-page","status-publish","hentry"],"_links":{"self":[{"href":"http:\/\/kfd-dipperz.de\/index.php?rest_route=\/wp\/v2\/pages\/6935","targetHints":{"allow":["GET"]}}],"collection":[{"href":"http:\/\/kfd-dipperz.de\/index.php?rest_route=\/wp\/v2\/pages"}],"about":[{"href":"http:\/\/kfd-dipperz.de\/index.php?rest_route=\/wp\/v2\/types\/page"}],"author":[{"embeddable":true,"href":"http:\/\/kfd-dipperz.de\/index.php?rest_route=\/wp\/v2\/users\/2"}],"replies":[{"embeddable":true,"href":"http:\/\/kfd-dipperz.de\/index.php?rest_route=%2Fwp%2Fv2%2Fcomments&post=6935"}],"version-history":[{"count":0,"href":"http:\/\/kfd-dipperz.de\/index.php?rest_route=\/wp\/v2\/pages\/6935\/revisions"}],"wp:attachment":[{"href":"http:\/\/kfd-dipperz.de\/index.php?rest_route=%2Fwp%2Fv2%2Fmedia&parent=6935"}],"curies":[{"name":"wp","href":"https:\/\/api.w.org\/{rel}","templated":true}]}}