{"id":633,"date":"2023-06-04T09:39:11","date_gmt":"2023-06-04T07:39:11","guid":{"rendered":"http:\/\/kfd-dipperz.de\/?page_id=633"},"modified":"2024-06-20T10:42:32","modified_gmt":"2024-06-20T08:42:32","slug":"was-ist-die-kfd","status":"publish","type":"page","link":"http:\/\/kfd-dipperz.de\/?page_id=633","title":{"rendered":"Was ist die kfd?"},"content":{"rendered":"<p><a href=\"https:\/\/www.kfd-fulda.de\/kfdfd\/\" target=\"_blank\" rel=\"noopener\"><img loading=\"lazy\" decoding=\"async\" class=\" wp-image-341 aligncenter\" src=\"http:\/\/kfd-dipperz.de\/wp-content\/uploads\/2023\/06\/Scan-2-300x153.jpg\" alt=\"\" width=\"473\" height=\"241\" srcset=\"http:\/\/kfd-dipperz.de\/wp-content\/uploads\/2023\/06\/Scan-2-300x153.jpg 300w, http:\/\/kfd-dipperz.de\/wp-content\/uploads\/2023\/06\/Scan-2-1024x522.jpg 1024w, http:\/\/kfd-dipperz.de\/wp-content\/uploads\/2023\/06\/Scan-2-768x391.jpg 768w, http:\/\/kfd-dipperz.de\/wp-content\/uploads\/2023\/06\/Scan-2.jpg 1225w\" sizes=\"auto, (max-width: 473px) 100vw, 473px\" \/><\/a><\/p>\n<p>Die <strong>kfd<\/strong> ist ein katholischer Frauenverband, eine kraftvolle Gemeinschaft und hei\u00dft w\u00f6rtlich \u00fcbersetzt<strong> \u201e<a href=\"https:\/\/www.kfd-bundesverband.de\/\">Katholische Frauen Deutschlands<\/a>.\u201c<\/strong><\/p>\n<p><strong>kfd bedeutet &#8211; das wunderbare Gef\u00fchl &#8211; Gemeinschaft zu leben in Gesellschaft und Kirche.<\/strong><\/p>\n<p>Wir pflegen den gro\u00dfen Zusammenhalt durch ein lebendiges <strong>MITEINANDER<\/strong>.<\/p>\n<p>Der<strong> <a href=\"https:\/\/www.kfd-bundesverband.de\/\" target=\"_blank\" rel=\"noopener\">kfd-Bundesverband<\/a> <\/strong>besteht seit \u00fcber 100 Jahren und gibt Frauen eine un\u00fcberh\u00f6rbare Stimme in Kirche, Politik und Gesellschaft und setzt sich f\u00fcr die Interessen von Frauen ein.<\/p>\n<p>Darauf sind wir stolz, denn zahlreiche Entwicklungen w\u00e4ren ohne das Engagement der kfd-Frauen auf allen Ebenen des Verbandes nicht m\u00f6glich gewesen. Mit uns auf dem gemeinsamen Weg sind \u00fcber 350.000 Frauen im kfd-Bundesverband.<\/p>\n<p>Wir sind eine dynamische Gemeinschaft, in der Frauen ihre Ideen einbringen.<\/p>\n<h3><strong>Was eint uns?<\/strong><\/h3>\n<p>Die Kraft, die wir im gemeinsamen Glauben finden.<\/p>\n<p><strong>Das Leitbild des Verbandes ist: <\/strong><\/p>\n<p><a href=\"https:\/\/www.kfd-bundesverband.de\/leitbild\/\" target=\"_blank\" rel=\"noopener\"><img loading=\"lazy\" decoding=\"async\" class=\"size-medium wp-image-702 aligncenter\" src=\"http:\/\/kfd-dipperz.de\/wp-content\/uploads\/2023\/06\/kfd-logo_Kreisk_typo_RGB-720x386-1-300x161.jpg\" alt=\"\" width=\"300\" height=\"161\" srcset=\"http:\/\/kfd-dipperz.de\/wp-content\/uploads\/2023\/06\/kfd-logo_Kreisk_typo_RGB-720x386-1-300x161.jpg 300w, http:\/\/kfd-dipperz.de\/wp-content\/uploads\/2023\/06\/kfd-logo_Kreisk_typo_RGB-720x386-1.jpg 720w\" sizes=\"auto, (max-width: 300px) 100vw, 300px\" \/><\/a><\/p>\n<p><strong>&#8222;kfd &#8211; leidenschaftlich glauben und leben!\u201c<\/strong><\/p>\n<p>Mit diesem Grundsatz tritt sie besonders f\u00fcr die Anerkennung des Engagements von Frauen innerhalb der Kirche, mehr Gerechtigkeit in Wirtschaft und Politik sowie f\u00fcr bessere Lebens-und Arbeitsbedingungen der Frauen ein.<\/p>\n<p>Im Mittelpunkt stehen bei uns die Frauen und das, was sie brauchen, glauben und w\u00fcnschen, sei es in Beruf, Familie oder im Alter.<\/p>\n<h3><strong>Das alles hat die kfd bisher erreicht!<\/strong><\/h3>\n<p><img loading=\"lazy\" decoding=\"async\" class=\"wp-image-6321 aligncenter\" src=\"http:\/\/kfd-dipperz.de\/wp-content\/uploads\/2024\/06\/03_csm_kfd-Zeitstrahl-Teaser_rz1-2024_bb07005b14-Kopie-300x141.jpg\" alt=\"\" width=\"355\" height=\"167\" srcset=\"http:\/\/kfd-dipperz.de\/wp-content\/uploads\/2024\/06\/03_csm_kfd-Zeitstrahl-Teaser_rz1-2024_bb07005b14-Kopie-300x141.jpg 300w, http:\/\/kfd-dipperz.de\/wp-content\/uploads\/2024\/06\/03_csm_kfd-Zeitstrahl-Teaser_rz1-2024_bb07005b14-Kopie-1024x482.jpg 1024w, http:\/\/kfd-dipperz.de\/wp-content\/uploads\/2024\/06\/03_csm_kfd-Zeitstrahl-Teaser_rz1-2024_bb07005b14-Kopie-768x362.jpg 768w, http:\/\/kfd-dipperz.de\/wp-content\/uploads\/2024\/06\/03_csm_kfd-Zeitstrahl-Teaser_rz1-2024_bb07005b14-Kopie.jpg 1170w\" sizes=\"auto, (max-width: 355px) 100vw, 355px\" \/><\/p>\n<p><strong>Ausz\u00fcge der Meilensteine:<\/strong><\/p>\n<ul>\n<li>1986 Erstmals Anerkennung von Erziehungsleistungen in der Rente<\/li>\n<li>1990 Leitfaden zur Gr\u00fcndung eines Frauenhauses<\/li>\n<li>1992 Anerkennung von drei Jahren Erziehungszeit in der Rente<\/li>\n<li>1994 M\u00e4dchen werden als Ministrantinnen zugelassen<\/li>\n<li>1995 Pflegeversicherung mit Rentenanwartschaften f\u00fcr pflegende Personen<\/li>\n<li>1997 Vergewaltigung in der Ehe wird strafbar<\/li>\n<li>2001 Erstes Bundeserziehungsgesetz<\/li>\n<li>2007 M\u00fctterkuren werden Pflichtleistungen der Krankenkassen<\/li>\n<li>2013 Notrufnummer f\u00fcr von Gewalt betroffene Frauen<\/li>\n<li>2014 Angleichung der Rentenanwartschaften f\u00fcr M\u00fctter, deren Kinder vor 1992 geboren wurden<\/li>\n<li>2015 St\u00e4rkung der Palliativ-und Hospizversorgung<\/li>\n<li>2016 \u201eNein hei\u00dft nein\u201c, Bundestag beschlie\u00dft \u00c4nderung des Sexualstrafrechts<\/li>\n<li>2017 Zulassung Geschieden-Wiederverheirateter zu den Sakramenten wird im Einzelfall m\u00f6glich<\/li>\n<li>2018 Aktion #MachtLichtAn zur Aufarbeitung sexuellen Mi\u00dfbrauchs in der Kirche<\/li>\n<li>2019 Positionspapier \u201egleich und berechtigt\u201c &#8211; Alle Dienste und \u00c4mter f\u00fcr Frauen in der Kirche<\/li>\n<li>2020 \u00dcber 131.000 Unterschriften f\u00fcr eine gleichgeschlechtliche Kirche<\/li>\n<li>2022 Positionspapier zum assistierten Suizid<\/li>\n<li>2023 Positionspapier zur Sexarbeit und Prostitution<\/li>\n<\/ul>\n<p><img loading=\"lazy\" decoding=\"async\" class=\"size-medium wp-image-538 aligncenter\" src=\"http:\/\/kfd-dipperz.de\/wp-content\/uploads\/2023\/06\/logo_wir-sind-alle-kfd_rot-300x297.png\" alt=\"\" width=\"300\" height=\"297\" srcset=\"http:\/\/kfd-dipperz.de\/wp-content\/uploads\/2023\/06\/logo_wir-sind-alle-kfd_rot-300x297.png 300w, http:\/\/kfd-dipperz.de\/wp-content\/uploads\/2023\/06\/logo_wir-sind-alle-kfd_rot-1024x1014.png 1024w, http:\/\/kfd-dipperz.de\/wp-content\/uploads\/2023\/06\/logo_wir-sind-alle-kfd_rot-150x150.png 150w, http:\/\/kfd-dipperz.de\/wp-content\/uploads\/2023\/06\/logo_wir-sind-alle-kfd_rot-768x760.png 768w, http:\/\/kfd-dipperz.de\/wp-content\/uploads\/2023\/06\/logo_wir-sind-alle-kfd_rot-1536x1521.png 1536w, http:\/\/kfd-dipperz.de\/wp-content\/uploads\/2023\/06\/logo_wir-sind-alle-kfd_rot.png 1620w\" sizes=\"auto, (max-width: 300px) 100vw, 300px\" \/><\/p>\n<p><strong>Quellen und Designvorlagen <a href=\"https:\/\/www.kfd-bundesverband.de\/\" target=\"_blank\" rel=\"noopener\">kfd Bundesverband<\/a><br \/>\n<\/strong><\/p>\n","protected":false},"excerpt":{"rendered":"<p>Die kfd ist ein katholischer Frauenverband, eine kraftvolle Gemeinschaft und hei\u00dft w\u00f6rtlich \u00fcbersetzt \u201eKatholische Frauen Deutschlands.\u201c kfd bedeutet &#8211; das wunderbare Gef\u00fchl &#8211; Gemeinschaft zu leben in Gesellschaft und Kirche. Wir pflegen den gro\u00dfen Zusammenhalt durch ein lebendiges MITEINANDER. Der kfd-Bundesverband besteht seit \u00fcber 100 Jahren und gibt Frauen eine un\u00fcberh\u00f6rbare Stimme in Kirche, Politik &hellip; <a href=\"http:\/\/kfd-dipperz.de\/?page_id=633\" class=\"more-link\"><span class=\"screen-reader-text\">Was ist die kfd?<\/span> weiterlesen<\/a><\/p>\n","protected":false},"author":2,"featured_media":0,"parent":0,"menu_order":0,"comment_status":"closed","ping_status":"closed","template":"","meta":{"ngg_post_thumbnail":0,"footnotes":""},"class_list":["post-633","page","type-page","status-publish","hentry"],"_links":{"self":[{"href":"http:\/\/kfd-dipperz.de\/index.php?rest_route=\/wp\/v2\/pages\/633","targetHints":{"allow":["GET"]}}],"collection":[{"href":"http:\/\/kfd-dipperz.de\/index.php?rest_route=\/wp\/v2\/pages"}],"about":[{"href":"http:\/\/kfd-dipperz.de\/index.php?rest_route=\/wp\/v2\/types\/page"}],"author":[{"embeddable":true,"href":"http:\/\/kfd-dipperz.de\/index.php?rest_route=\/wp\/v2\/users\/2"}],"replies":[{"embeddable":true,"href":"http:\/\/kfd-dipperz.de\/index.php?rest_route=%2Fwp%2Fv2%2Fcomments&post=633"}],"version-history":[{"count":0,"href":"http:\/\/kfd-dipperz.de\/index.php?rest_route=\/wp\/v2\/pages\/633\/revisions"}],"wp:attachment":[{"href":"http:\/\/kfd-dipperz.de\/index.php?rest_route=%2Fwp%2Fv2%2Fmedia&parent=633"}],"curies":[{"name":"wp","href":"https:\/\/api.w.org\/{rel}","templated":true}]}}